{"id":2069,"date":"2025-04-16T16:23:37","date_gmt":"2025-04-16T15:23:37","guid":{"rendered":"https:\/\/echeverriafarriols.com\/?page_id=2069"},"modified":"2025-06-26T18:05:23","modified_gmt":"2025-06-26T17:05:23","slug":"residencia-temporal-de-familiares-de-personas-con-nacionalidad-espanola","status":"publish","type":"page","link":"https:\/\/echeverriafarriols.com\/en\/residencia-temporal-de-familiares-de-personas-con-nacionalidad-espanola\/","title":{"rendered":"Temporary Residence for Family Members of Persons with Spanish Nationality"},"content":{"rendered":"<div data-elementor-type=\"wp-page\" data-elementor-id=\"2069\" class=\"elementor elementor-2069\" data-elementor-post-type=\"page\">\n\t\t\t\t<div class=\"elementor-element elementor-element-2204318 e-con-full e-flex e-con e-parent\" data-id=\"2204318\" data-element_type=\"container\" data-e-type=\"container\">\n\t\t\t\t<div class=\"elementor-element elementor-element-b6f005d elementor-widget elementor-widget-heading\" data-id=\"b6f005d\" data-element_type=\"widget\" data-e-type=\"widget\" data-widget_type=\"heading.default\">\n\t\t\t\t<div class=\"elementor-widget-container\">\n\t\t\t\t\t<h2 class=\"elementor-heading-title elementor-size-default\">Residences and Stays<\/h2>\t\t\t\t<\/div>\n\t\t\t\t<\/div>\n\t\t\t\t<\/div>\n\t\t<div class=\"elementor-element elementor-element-ddd48c8 e-flex e-con-boxed e-con e-parent\" data-id=\"ddd48c8\" data-element_type=\"container\" data-e-type=\"container\">\n\t\t\t\t\t<div class=\"e-con-inner\">\n\t\t<div class=\"elementor-element elementor-element-35ae6df e-flex e-con-boxed e-con e-child\" data-id=\"35ae6df\" data-element_type=\"container\" data-e-type=\"container\">\n\t\t\t\t\t<div class=\"e-con-inner\">\n\t\t\t\t<div class=\"elementor-element elementor-element-e904800 elementor-widget elementor-widget-heading\" data-id=\"e904800\" data-element_type=\"widget\" data-e-type=\"widget\" data-widget_type=\"heading.default\">\n\t\t\t\t<div class=\"elementor-widget-container\">\n\t\t\t\t\t<h2 class=\"elementor-heading-title elementor-size-default\">TEMPORARY RESIDENCE OF FAMILY MEMBERS OF PERSONS WITH SPANISH NATIONALITY<\/h2>\t\t\t\t<\/div>\n\t\t\t\t<\/div>\n\t\t\t\t<div class=\"elementor-element elementor-element-fd4f8c4 elementor-position-inline-start elementor-mobile-position-inline-start elementor-view-default elementor-widget elementor-widget-icon-box\" data-id=\"fd4f8c4\" data-element_type=\"widget\" data-e-type=\"widget\" data-widget_type=\"icon-box.default\">\n\t\t\t\t<div class=\"elementor-widget-container\">\n\t\t\t\t\t\t\t<div class=\"elementor-icon-box-wrapper\">\n\n\t\t\t\t\t\t<div class=\"elementor-icon-box-icon\">\n\t\t\t\t<span  class=\"elementor-icon\">\n\t\t\t\t<i aria-hidden=\"true\" class=\"fas fa-balance-scale\"><\/i>\t\t\t\t<\/span>\n\t\t\t<\/div>\n\t\t\t\n\t\t\t\t\t\t<div class=\"elementor-icon-box-content\">\n\n\t\t\t\t\n\t\t\t\t\t\t\t\t\t<p class=\"elementor-icon-box-description\">\n\t\t\t\t\t\t<b>WHAT IS IT?<\/b>\n\t\t\t\t\t<\/p>\n\t\t\t\t\n\t\t\t<\/div>\n\t\t\t\n\t\t<\/div>\n\t\t\t\t\t\t<\/div>\n\t\t\t\t<\/div>\n\t\t\t\t<div class=\"elementor-element elementor-element-cdcb7bb elementor-widget elementor-widget-text-editor\" data-id=\"cdcb7bb\" data-element_type=\"widget\" data-e-type=\"widget\" data-widget_type=\"text-editor.default\">\n\t\t\t\t<div class=\"elementor-widget-container\">\n\t\t\t\t\t\t\t\t\t<p class=\"p1\">It is a <b>residence authorisation for foreigners<\/b> with family ties to Spanish citizens.<\/p>\t\t\t\t\t\t\t\t<\/div>\n\t\t\t\t<\/div>\n\t\t\t\t<div class=\"elementor-element elementor-element-6f7052b elementor-position-inline-start elementor-mobile-position-inline-start elementor-view-default elementor-widget elementor-widget-icon-box\" data-id=\"6f7052b\" data-element_type=\"widget\" data-e-type=\"widget\" data-widget_type=\"icon-box.default\">\n\t\t\t\t<div class=\"elementor-widget-container\">\n\t\t\t\t\t\t\t<div class=\"elementor-icon-box-wrapper\">\n\n\t\t\t\t\t\t<div class=\"elementor-icon-box-icon\">\n\t\t\t\t<span  class=\"elementor-icon\">\n\t\t\t\t<i aria-hidden=\"true\" class=\"fas fa-check\"><\/i>\t\t\t\t<\/span>\n\t\t\t<\/div>\n\t\t\t\n\t\t\t\t\t\t<div class=\"elementor-icon-box-content\">\n\n\t\t\t\t\n\t\t\t\t\t\t\t\t\t<p class=\"elementor-icon-box-description\">\n\t\t\t\t\t\t<b>REQUIREMENTS<\/b>\n\t\t\t\t\t<\/p>\n\t\t\t\t\n\t\t\t<\/div>\n\t\t\t\n\t\t<\/div>\n\t\t\t\t\t\t<\/div>\n\t\t\t\t<\/div>\n\t\t\t\t<div class=\"elementor-element elementor-element-9657606 elementor-widget elementor-widget-text-editor\" data-id=\"9657606\" data-element_type=\"widget\" data-e-type=\"widget\" data-widget_type=\"text-editor.default\">\n\t\t\t\t<div class=\"elementor-widget-container\">\n\t\t\t\t\t\t\t\t\t<ul class=\"ul1\"><li class=\"li1\">Spouses, unmarried partners, children under 26 years of age or dependent adults, dependent ascendants, parents of Spanish minors and family members caring for people with disabilities.<\/li><li class=\"li1\">It is granted for a period of up to <b>5 years<\/b> and allows <b>living and working<\/b> in Spain without the need for additional formalities.<\/li><\/ul>\t\t\t\t\t\t\t\t<\/div>\n\t\t\t\t<\/div>\n\t\t\t\t<div class=\"elementor-element elementor-element-4174df7 elementor-position-inline-start elementor-mobile-position-inline-start elementor-view-default elementor-widget elementor-widget-icon-box\" data-id=\"4174df7\" data-element_type=\"widget\" data-e-type=\"widget\" data-widget_type=\"icon-box.default\">\n\t\t\t\t<div class=\"elementor-widget-container\">\n\t\t\t\t\t\t\t<div class=\"elementor-icon-box-wrapper\">\n\n\t\t\t\t\t\t<div class=\"elementor-icon-box-icon\">\n\t\t\t\t<span  class=\"elementor-icon\">\n\t\t\t\t<i aria-hidden=\"true\" class=\"fas fa-arrow-circle-right\"><\/i>\t\t\t\t<\/span>\n\t\t\t<\/div>\n\t\t\t\n\t\t\t\t\t\t<div class=\"elementor-icon-box-content\">\n\n\t\t\t\t\n\t\t\t\t\t\t\t\t\t<p class=\"elementor-icon-box-description\">\n\t\t\t\t\t\t<b>BENEFITS<\/b>\n\t\t\t\t\t<\/p>\n\t\t\t\t\n\t\t\t<\/div>\n\t\t\t\n\t\t<\/div>\n\t\t\t\t\t\t<\/div>\n\t\t\t\t<\/div>\n\t\t\t\t<div class=\"elementor-element elementor-element-ecba207 elementor-widget elementor-widget-text-editor\" data-id=\"ecba207\" data-element_type=\"widget\" data-e-type=\"widget\" data-widget_type=\"text-editor.default\">\n\t\t\t\t<div class=\"elementor-widget-container\">\n\t\t\t\t\t\t\t\t\t<ul class=\"ul1\"><li class=\"li1\">Greater legal certainty for family members of Spanish citizens.<\/li><li class=\"li1\">Facilities for family reunification within the country.<\/li><\/ul>\t\t\t\t\t\t\t\t<\/div>\n\t\t\t\t<\/div>\n\t\t\t\t<div class=\"elementor-element elementor-element-c530bed elementor-position-inline-start elementor-mobile-position-inline-start elementor-view-default elementor-widget elementor-widget-icon-box\" data-id=\"c530bed\" data-element_type=\"widget\" data-e-type=\"widget\" data-widget_type=\"icon-box.default\">\n\t\t\t\t<div class=\"elementor-widget-container\">\n\t\t\t\t\t\t\t<div class=\"elementor-icon-box-wrapper\">\n\n\t\t\t\t\t\t<div class=\"elementor-icon-box-icon\">\n\t\t\t\t<span  class=\"elementor-icon\">\n\t\t\t\t<i aria-hidden=\"true\" class=\"fas fa-info-circle\"><\/i>\t\t\t\t<\/span>\n\t\t\t<\/div>\n\t\t\t\n\t\t\t\t\t\t<div class=\"elementor-icon-box-content\">\n\n\t\t\t\t\n\t\t\t\t\t\t\t\t\t<p class=\"elementor-icon-box-description\">\n\t\t\t\t\t\t<b>IMPORTANT ASPECTS OF THIS NEW RESIDENCE<\/b>\t\t\t\t\t<\/p>\n\t\t\t\t\n\t\t\t<\/div>\n\t\t\t\n\t\t<\/div>\n\t\t\t\t\t\t<\/div>\n\t\t\t\t<\/div>\n\t\t\t\t<div class=\"elementor-element elementor-element-47daaad elementor-widget elementor-widget-text-editor\" data-id=\"47daaad\" data-element_type=\"widget\" data-e-type=\"widget\" data-widget_type=\"text-editor.default\">\n\t\t\t\t<div class=\"elementor-widget-container\">\n\t\t\t\t\t\t\t\t\t<ul class=\"ul1\"><li class=\"li1\"><b>New conditions and relaxation of certain rootedness are established<\/b>.<\/li><li class=\"li1\"><b>The second chance arraigo is created<\/b>allowing people to regain their residency.<\/li><li class=\"li1\"><b>Socio-occupational and socio-training roots improve their conditions.<\/b>facilitating integration into the labour market.<\/li><li class=\"li1\"><b>The study stay is modernised<\/b>The family members of the family members are allowed to manage their authorisation from Spain.<\/li><li class=\"li1\"><b>The residence of family members of Spanish citizens is regulated.<\/b>ensuring clear rights and access to residence.<\/li><\/ul>\t\t\t\t\t\t\t\t<\/div>\n\t\t\t\t<\/div>\n\t\t\t\t\t<\/div>\n\t\t\t\t<\/div>\n\t\t\t\t<div class=\"elementor-element elementor-element-ee84fad elementor-align-center elementor-widget elementor-widget-button\" data-id=\"ee84fad\" data-element_type=\"widget\" data-e-type=\"widget\" data-widget_type=\"button.default\">\n\t\t\t\t<div class=\"elementor-widget-container\">\n\t\t\t\t\t\t\t\t\t<div class=\"elementor-button-wrapper\">\n\t\t\t\t\t<a class=\"elementor-button elementor-button-link elementor-size-sm\" href=\"https:\/\/echeverriafarriols.com\/en\/contacto\/\">\n\t\t\t\t\t\t<span class=\"elementor-button-content-wrapper\">\n\t\t\t\t\t\t\t\t\t<span class=\"elementor-button-text\">Contact<\/span>\n\t\t\t\t\t<\/span>\n\t\t\t\t\t<\/a>\n\t\t\t\t<\/div>\n\t\t\t\t\t\t\t\t<\/div>\n\t\t\t\t<\/div>\n\t\t\t\t\t<\/div>\n\t\t\t\t<\/div>\n\t\t<div class=\"elementor-element elementor-element-0373614 e-con-full e-flex e-con e-parent\" data-id=\"0373614\" data-element_type=\"container\" data-e-type=\"container\">\n\t\t\t\t<div class=\"elementor-element elementor-element-9b1b17b elementor-widget-divider--view-line elementor-widget elementor-widget-divider\" data-id=\"9b1b17b\" data-element_type=\"widget\" data-e-type=\"widget\" data-widget_type=\"divider.default\">\n\t\t\t\t<div class=\"elementor-widget-container\">\n\t\t\t\t\t\t\t<div class=\"elementor-divider\">\n\t\t\t<span class=\"elementor-divider-separator\">\n\t\t\t\t\t\t<\/span>\n\t\t<\/div>\n\t\t\t\t\t\t<\/div>\n\t\t\t\t<\/div>\n\t\t\t\t<\/div>\n\t\t\t\t<\/div>","protected":false},"excerpt":{"rendered":"<p>Residences and Stays TEMPORARY RESIDENCE FOR FAMILY MEMBERS OF PERSONS WITH SPANISH NATIONALITY WHAT IS IT? It is a residence permit for foreigners with family ties to Spanish citizens. REQUIREMENTS Spouses, common-law partners, children under 26 years of age or dependent adults, dependent ascendants, parents of Spanish minors and family members who provide care for Spanish citizens. <a title=\"Temporary Residence for Family Members of Persons with Spanish Nationality\" class=\"read-more\" href=\"https:\/\/echeverriafarriols.com\/en\/residencia-temporal-de-familiares-de-personas-con-nacionalidad-espanola\/\" aria-label=\"Read more about Temporary Residence for Family Members of Persons with Spanish Nationality\">Read more<\/a><\/p>","protected":false},"author":8,"featured_media":0,"parent":0,"menu_order":0,"comment_status":"closed","ping_status":"closed","template":"elementor_header_footer","meta":{"pgc_sgb_lightbox_settings":"","footnotes":""},"class_list":["post-2069","page","type-page","status-publish"],"yoast_head":"<!-- This site is optimized with the Yoast SEO plugin v27.5 - https:\/\/yoast.com\/product\/yoast-seo-wordpress\/ -->\n<title>Residencia Temporal de Familiares de Personas con Nacionalidad Espa\u00f1ola - Echeverria Farriols<\/title>\n<meta name=\"robots\" content=\"index, follow, max-snippet:-1, max-image-preview:large, max-video-preview:-1\" \/>\n<link rel=\"canonical\" href=\"https:\/\/echeverriafarriols.com\/en\/residencia-temporal-de-familiares-de-personas-con-nacionalidad-espanola\/\" \/>\n<meta property=\"og:locale\" content=\"en_GB\" \/>\n<meta property=\"og:type\" content=\"article\" \/>\n<meta property=\"og:title\" content=\"Residencia Temporal de Familiares de Personas con Nacionalidad Espa\u00f1ola - Echeverria Farriols\" \/>\n<meta property=\"og:description\" content=\"Residencias y Estancias RESIDENCIA TEMPORAL DE FAMILIARES DE PERSONAS CON NACIONALIDAD ESPA\u00d1OLA \u00bfQU\u00c9 ES? Es una autorizaci\u00f3n de residencia para personas extranjeras con v\u00ednculos familiares con ciudadanos espa\u00f1oles. REQUISITOS C\u00f3nyuges, parejas de hecho, hijos menores de 26 a\u00f1os o mayores dependientes, ascendientes a cargo, progenitores de menores espa\u00f1oles y familiares que presten cuidados a personas ... Read more\" \/>\n<meta property=\"og:url\" content=\"https:\/\/echeverriafarriols.com\/en\/residencia-temporal-de-familiares-de-personas-con-nacionalidad-espanola\/\" \/>\n<meta property=\"og:site_name\" content=\"Echeverria Farriols\" \/>\n<meta property=\"article:modified_time\" content=\"2025-06-26T17:05:23+00:00\" \/>\n<meta property=\"og:image\" content=\"https:\/\/echeverriafarriols.com\/wp-content\/uploads\/2024\/11\/Logo-principal89@4x.png\" \/>\n\t<meta property=\"og:image:width\" content=\"798\" \/>\n\t<meta property=\"og:image:height\" content=\"494\" \/>\n\t<meta property=\"og:image:type\" content=\"image\/png\" \/>\n<meta name=\"twitter:card\" content=\"summary_large_image\" \/>\n<meta name=\"twitter:label1\" content=\"Estimated reading time\" \/>\n\t<meta name=\"twitter:data1\" content=\"1 minute\" \/>\n<script type=\"application\/ld+json\" class=\"yoast-schema-graph\">{\"@context\":\"https:\\\/\\\/schema.org\",\"@graph\":[{\"@type\":\"WebPage\",\"@id\":\"https:\\\/\\\/echeverriafarriols.com\\\/residencia-temporal-de-familiares-de-personas-con-nacionalidad-espanola\\\/\",\"url\":\"https:\\\/\\\/echeverriafarriols.com\\\/residencia-temporal-de-familiares-de-personas-con-nacionalidad-espanola\\\/\",\"name\":\"Residencia Temporal de Familiares de Personas con Nacionalidad Espa\u00f1ola - Echeverria Farriols\",\"isPartOf\":{\"@id\":\"https:\\\/\\\/echeverriafarriols.com\\\/#website\"},\"datePublished\":\"2025-04-16T15:23:37+00:00\",\"dateModified\":\"2025-06-26T17:05:23+00:00\",\"breadcrumb\":{\"@id\":\"https:\\\/\\\/echeverriafarriols.com\\\/residencia-temporal-de-familiares-de-personas-con-nacionalidad-espanola\\\/#breadcrumb\"},\"inLanguage\":\"en-GB\",\"potentialAction\":[{\"@type\":\"ReadAction\",\"target\":[\"https:\\\/\\\/echeverriafarriols.com\\\/residencia-temporal-de-familiares-de-personas-con-nacionalidad-espanola\\\/\"]}]},{\"@type\":\"BreadcrumbList\",\"@id\":\"https:\\\/\\\/echeverriafarriols.com\\\/residencia-temporal-de-familiares-de-personas-con-nacionalidad-espanola\\\/#breadcrumb\",\"itemListElement\":[{\"@type\":\"ListItem\",\"position\":1,\"name\":\"Portada\",\"item\":\"https:\\\/\\\/echeverriafarriols.com\\\/\"},{\"@type\":\"ListItem\",\"position\":2,\"name\":\"Residencia Temporal de Familiares de Personas con Nacionalidad Espa\u00f1ola\"}]},{\"@type\":\"WebSite\",\"@id\":\"https:\\\/\\\/echeverriafarriols.com\\\/#website\",\"url\":\"https:\\\/\\\/echeverriafarriols.com\\\/\",\"name\":\"Echeverr\u00eda Farriols\",\"description\":\"Asesor\u00eda jur\u00eddica integral a personas y empresas\",\"publisher\":{\"@id\":\"https:\\\/\\\/echeverriafarriols.com\\\/#organization\"},\"potentialAction\":[{\"@type\":\"SearchAction\",\"target\":{\"@type\":\"EntryPoint\",\"urlTemplate\":\"https:\\\/\\\/echeverriafarriols.com\\\/?s={search_term_string}\"},\"query-input\":{\"@type\":\"PropertyValueSpecification\",\"valueRequired\":true,\"valueName\":\"search_term_string\"}}],\"inLanguage\":\"en-GB\"},{\"@type\":\"Organization\",\"@id\":\"https:\\\/\\\/echeverriafarriols.com\\\/#organization\",\"name\":\"Echeverria Farriols\",\"url\":\"https:\\\/\\\/echeverriafarriols.com\\\/\",\"logo\":{\"@type\":\"ImageObject\",\"inLanguage\":\"en-GB\",\"@id\":\"https:\\\/\\\/echeverriafarriols.com\\\/#\\\/schema\\\/logo\\\/image\\\/\",\"url\":\"https:\\\/\\\/echeverriafarriols.com\\\/wp-content\\\/uploads\\\/2024\\\/11\\\/Logo-principal89@4x.png\",\"contentUrl\":\"https:\\\/\\\/echeverriafarriols.com\\\/wp-content\\\/uploads\\\/2024\\\/11\\\/Logo-principal89@4x.png\",\"width\":798,\"height\":494,\"caption\":\"Echeverria Farriols\"},\"image\":{\"@id\":\"https:\\\/\\\/echeverriafarriols.com\\\/#\\\/schema\\\/logo\\\/image\\\/\"},\"sameAs\":[\"https:\\\/\\\/www.instagram.com\\\/mariecheverriaj\\\/\",\"https:\\\/\\\/www.linkedin.com\\\/in\\\/maripoupee\\\/?originalSubdomain=es\"]}]}<\/script>\n<!-- \/ Yoast SEO plugin. -->","yoast_head_json":{"title":"Temporary Residence for Relatives of Spanish Nationals - Echeverria Farriols","robots":{"index":"index","follow":"follow","max-snippet":"max-snippet:-1","max-image-preview":"max-image-preview:large","max-video-preview":"max-video-preview:-1"},"canonical":"https:\/\/echeverriafarriols.com\/en\/residencia-temporal-de-familiares-de-personas-con-nacionalidad-espanola\/","og_locale":"en_GB","og_type":"article","og_title":"Residencia Temporal de Familiares de Personas con Nacionalidad Espa\u00f1ola - Echeverria Farriols","og_description":"Residencias y Estancias RESIDENCIA TEMPORAL DE FAMILIARES DE PERSONAS CON NACIONALIDAD ESPA\u00d1OLA \u00bfQU\u00c9 ES? Es una autorizaci\u00f3n de residencia para personas extranjeras con v\u00ednculos familiares con ciudadanos espa\u00f1oles. REQUISITOS C\u00f3nyuges, parejas de hecho, hijos menores de 26 a\u00f1os o mayores dependientes, ascendientes a cargo, progenitores de menores espa\u00f1oles y familiares que presten cuidados a personas ... Read more","og_url":"https:\/\/echeverriafarriols.com\/en\/residencia-temporal-de-familiares-de-personas-con-nacionalidad-espanola\/","og_site_name":"Echeverria Farriols","article_modified_time":"2025-06-26T17:05:23+00:00","og_image":[{"width":798,"height":494,"url":"https:\/\/echeverriafarriols.com\/wp-content\/uploads\/2024\/11\/Logo-principal89@4x.png","type":"image\/png"}],"twitter_card":"summary_large_image","twitter_misc":{"Estimated reading time":"1 minute"},"schema":{"@context":"https:\/\/schema.org","@graph":[{"@type":"WebPage","@id":"https:\/\/echeverriafarriols.com\/residencia-temporal-de-familiares-de-personas-con-nacionalidad-espanola\/","url":"https:\/\/echeverriafarriols.com\/residencia-temporal-de-familiares-de-personas-con-nacionalidad-espanola\/","name":"Temporary Residence for Relatives of Spanish Nationals - Echeverria Farriols","isPartOf":{"@id":"https:\/\/echeverriafarriols.com\/#website"},"datePublished":"2025-04-16T15:23:37+00:00","dateModified":"2025-06-26T17:05:23+00:00","breadcrumb":{"@id":"https:\/\/echeverriafarriols.com\/residencia-temporal-de-familiares-de-personas-con-nacionalidad-espanola\/#breadcrumb"},"inLanguage":"en-GB","potentialAction":[{"@type":"ReadAction","target":["https:\/\/echeverriafarriols.com\/residencia-temporal-de-familiares-de-personas-con-nacionalidad-espanola\/"]}]},{"@type":"BreadcrumbList","@id":"https:\/\/echeverriafarriols.com\/residencia-temporal-de-familiares-de-personas-con-nacionalidad-espanola\/#breadcrumb","itemListElement":[{"@type":"ListItem","position":1,"name":"Portada","item":"https:\/\/echeverriafarriols.com\/"},{"@type":"ListItem","position":2,"name":"Residencia Temporal de Familiares de Personas con Nacionalidad Espa\u00f1ola"}]},{"@type":"WebSite","@id":"https:\/\/echeverriafarriols.com\/#website","url":"https:\/\/echeverriafarriols.com\/","name":"Echeverr\u00eda Farriols","description":"Comprehensive legal advice to individuals and companies","publisher":{"@id":"https:\/\/echeverriafarriols.com\/#organization"},"potentialAction":[{"@type":"SearchAction","target":{"@type":"EntryPoint","urlTemplate":"https:\/\/echeverriafarriols.com\/?s={search_term_string}"},"query-input":{"@type":"PropertyValueSpecification","valueRequired":true,"valueName":"search_term_string"}}],"inLanguage":"en-GB"},{"@type":"Organization","@id":"https:\/\/echeverriafarriols.com\/#organization","name":"Echeverria Farriols","url":"https:\/\/echeverriafarriols.com\/","logo":{"@type":"ImageObject","inLanguage":"en-GB","@id":"https:\/\/echeverriafarriols.com\/#\/schema\/logo\/image\/","url":"https:\/\/echeverriafarriols.com\/wp-content\/uploads\/2024\/11\/Logo-principal89@4x.png","contentUrl":"https:\/\/echeverriafarriols.com\/wp-content\/uploads\/2024\/11\/Logo-principal89@4x.png","width":798,"height":494,"caption":"Echeverria Farriols"},"image":{"@id":"https:\/\/echeverriafarriols.com\/#\/schema\/logo\/image\/"},"sameAs":["https:\/\/www.instagram.com\/mariecheverriaj\/","https:\/\/www.linkedin.com\/in\/maripoupee\/?originalSubdomain=es"]}]}},"_links":{"self":[{"href":"https:\/\/echeverriafarriols.com\/en\/wp-json\/wp\/v2\/pages\/2069","targetHints":{"allow":["GET"]}}],"collection":[{"href":"https:\/\/echeverriafarriols.com\/en\/wp-json\/wp\/v2\/pages"}],"about":[{"href":"https:\/\/echeverriafarriols.com\/en\/wp-json\/wp\/v2\/types\/page"}],"author":[{"embeddable":true,"href":"https:\/\/echeverriafarriols.com\/en\/wp-json\/wp\/v2\/users\/8"}],"replies":[{"embeddable":true,"href":"https:\/\/echeverriafarriols.com\/en\/wp-json\/wp\/v2\/comments?post=2069"}],"version-history":[{"count":13,"href":"https:\/\/echeverriafarriols.com\/en\/wp-json\/wp\/v2\/pages\/2069\/revisions"}],"predecessor-version":[{"id":2476,"href":"https:\/\/echeverriafarriols.com\/en\/wp-json\/wp\/v2\/pages\/2069\/revisions\/2476"}],"wp:attachment":[{"href":"https:\/\/echeverriafarriols.com\/en\/wp-json\/wp\/v2\/media?parent=2069"}],"curies":[{"name":"wp","href":"https:\/\/api.w.org\/{rel}","templated":true}]}}